{"id":1899,"date":"2006-08-10T00:00:00","date_gmt":"2006-08-10T04:00:00","guid":{"rendered":"https:\/\/www.namb.net\/apologetics\/resource\/predijo-jesus-su-muerte-violenta-y-resurreccion-2\/"},"modified":"2020-06-21T21:34:14","modified_gmt":"2020-06-22T01:34:14","slug":"predijo-jesus-su-muerte-violenta-y-resurreccion","status":"publish","type":"resource","link":"https:\/\/www.namb.net\/apologetics\/resource\/predijo-jesus-su-muerte-violenta-y-resurreccion\/","title":{"rendered":"\u00bfPredijo Jes\u00fas su muerte violenta y resurrecci\u00f3n?"},"content":{"rendered":"<p><strong><em>Por Craig A. Evans<\/em><\/strong><\/p>\n<p>A lo largo del siglo XX los cr\u00edticos del evangelio frecuentemente han<\/p>\n<p>afirmado que las predicciones de Jes\u00fas acerca de su muerte y resurrecci\u00f3n son<\/p>\n<p>&#8220;vaticinia ex eventu&#8221; (profec\u00edas a partir del suceso), formuladas por la<\/p>\n<p>iglesia primitiva. El cr\u00edtico de forma Rudolf Bultmann resumi\u00f3 con precisi\u00f3n la<\/p>\n<p>opini\u00f3n de los eruditos de nuestros d\u00edas cuando dijo que &#8220;las predicciones de<\/p>\n<p>la pasi\u00f3n y resurrecci\u00f3n &#8230; desde hace mucho tiempo han sido identificadas<\/p>\n<p>como invenciones secundarias de la iglesia&#8221;.<\/p>\n<p>Las predicciones a las que Bultmann se refiere son las que se encuentran en<\/p>\n<p>los evangelios sin\u00f3pticos (Mc 8:31; 9:31; 10:33-34 y paralelos en Mateo y<\/p>\n<p>Lucas). Debe admitirse que estas predicciones fueron editadas a la luz de lo<\/p>\n<p>que realmente sucedi\u00f3 a Jes\u00fas. Pero hay muy buenas razones para creer que \u00c9l de<\/p>\n<p>hecho anticip\u00f3 su muerte violenta y reivindicaci\u00f3n mediante la resurrecci\u00f3n.<\/p>\n<p>Veamos las pruebas de la anticipaci\u00f3n de su muerte violenta.<\/p>\n<p><strong>Anticipaci\u00f3n de una Muerte Violenta<\/strong><\/p>\n<p>Primero que nada, el destino de Juan Bautista con seguridad fue para Jes\u00fas<\/p>\n<p>un presagio de lo que le esperaba. Es muy probable que Jes\u00fas y Juan hayan sido<\/p>\n<p>muy unidos, entonces es razonable asumir que al continuar la proclamaci\u00f3n de<\/p>\n<p>Juan sobre el arrepentimiento y la llegada del Reino de Dios, Jes\u00fas haya<\/p>\n<p>reconocido el peligro. De hecho, en una declaraci\u00f3n que responde claramente a<\/p>\n<p>las amenazas de Herodes Antipas, el tirano ejecutor de Juan, Jes\u00fas replic\u00f3:<\/p>\n<p>&#8220;Vayan y d\u00edganle a ese zorro: &#8216;Mira, hoy y ma\u00f1ana seguir\u00e9 expulsando demonios y<\/p>\n<p>sanando a la gente, y al tercer d\u00eda terminar\u00e9 lo que debo hacer. Tengo que<\/p>\n<p>seguir adelante hoy, ma\u00f1ana y pasado ma\u00f1ana, porque no puede ser que muera un<\/p>\n<p>profeta fuera de Jerusal\u00e9n'&#8221; (Lc 13:32-33 NVI). En el contexto de los l\u00edmites<\/p>\n<p>del templo, donde centra la atenci\u00f3n en Juan (Mc 11:27-33), Jes\u00fas cuenta la<\/p>\n<p>par\u00e1bola de los Vi\u00f1adores Malvados (Mc 12:1-12), donde implica que el &#8220;hijo&#8221;<\/p>\n<p>del due\u00f1o del vi\u00f1edo (es decir, Jes\u00fas) ser\u00e1 asesinado.<\/p>\n<p>Tal vez la prueba m\u00e1s contundente de que Jes\u00fas present\u00eda su muerte se ve en<\/p>\n<p>la oraci\u00f3n del huerto, en la v\u00edspera de su arresto, donde deja ver su miedo<\/p>\n<p>ante la inminencia de los hechos. Postr\u00e1ndose, Jes\u00fas dice: &#8220;\u00a1&#8217;Abba&#8217;, Padre!,<\/p>\n<p>todas las cosas son posibles para ti. Aparta de m\u00ed esta copa; pero no se haga<\/p>\n<p>lo que yo quiero, sino lo que quieres t\u00fa&#8221; (Mc 14:36, RVR1995).<\/p>\n<p>Esta corta y penosa oraci\u00f3n ciertamente es aut\u00e9ntica. \u00bfPor qu\u00e9 querr\u00eda<\/p>\n<p>alguno de los primeros cristianos inventar una frase en la que Jes\u00fas aparece<\/p>\n<p>asustado y reacio a ir a la muerte? Es dif\u00edcil imaginarlo. Basta con hacer una<\/p>\n<p>comparaci\u00f3n con el sereno Jes\u00fas del cuarto evangelio, quien con la mayor<\/p>\n<p>dignidad repasa con su Padre Celestial la gloria que han compartido durante<\/p>\n<p>toda la eternidad (ver Juan 17). No podr\u00eda imaginarse un contraste m\u00e1s l\u00fagubre<\/p>\n<p>que el de la angustiosa oraci\u00f3n sin\u00f3ptica. De hecho, aun en la muerte el Jes\u00fas<\/p>\n<p>de Juan conserva esta calma y dignidad surrealistas, proclamando desde la cruz<\/p>\n<p>&#8220;Todo est\u00e1 cumplido&#8221; (Juan 19:30, DHH). La tradici\u00f3n de Juan documenta as\u00ed la<\/p>\n<p>tendencia eclesial de presentar a Jes\u00fas con una imagen m\u00e1s digna y dominante.<\/p>\n<p>La sin\u00f3ptica oraci\u00f3n del huerto no deja traslucir dicha tendencia.<\/p>\n<p>Los evangelios tambi\u00e9n dicen que Jes\u00fas dijo a sus disc\u00edpulos que tomaran la<\/p>\n<p>cruz y le siguieran (Mc 8:34). Jes\u00fas presiente una muerte violenta. En vista de<\/p>\n<p>este sombr\u00edo destino, \u00a1podr\u00e1n seguirlo sus disc\u00edpulos? Lo interesante aqu\u00ed es<\/p>\n<p>que, en cierto sentido, Jes\u00fas mismo no hace lo que ense\u00f1a a sus disc\u00edpulos.<\/p>\n<p>Cuando llega la hora de tomar su cruz, no puede hacerlo; alguien m\u00e1s tuvo que<\/p>\n<p>cargarla (Mc 15:21). La tensi\u00f3n entre lo dicho y lo que realmente sucede m\u00e1s<\/p>\n<p>tarde despierta fuertes debates sobre la autenticidad de la frase, porque la<\/p>\n<p>ficci\u00f3n post-pascual podr\u00eda haber puesto en boca de Jes\u00fas palabras<\/p>\n<p>completamente coherentes con la pasi\u00f3n.<\/p>\n<p>Tambi\u00e9n existen modelos jud\u00edos del sufrimiento de los justos que beneficia<\/p>\n<p>al pueblo de Israel. Uno piensa en el misterioso sacerdote Taxo y sus siete<\/p>\n<p>hijos, cuyo martirio precede a la aparici\u00f3n del Reino de Dios y a la ca\u00edda de<\/p>\n<p>Satan\u00e1s (ver Testamento de Mois\u00e9s 9-10). La muerte de los m\u00e1rtires macabeos<\/p>\n<p>tambi\u00e9n se recuerda como despeje del camino para la redenci\u00f3n de Israel (2 Mac<\/p>\n<p>7:32-33).<\/p>\n<p>En vista de estas pruebas provenientes de los evangelios, las cuales son<\/p>\n<p>aclaradas en formas importantes por el contexto religioso en que Jes\u00fas vivi\u00f3 y<\/p>\n<p>ejerci\u00f3 su ministerio, es muy probable que Jes\u00fas hablara en alg\u00fan momento de su<\/p>\n<p>muerte violenta y tratara de explicar su importancia.<\/p>\n<p><strong>Anticipaci\u00f3n de la Resurrecci\u00f3n<\/strong><\/p>\n<p>\u00bfPresinti\u00f3 Jes\u00fas su resurrecci\u00f3n? Es probable que s\u00ed. Una vez que empez\u00f3 a<\/p>\n<p>hablar de su muerte, es muy posible que empezara a hablar de su reivindicaci\u00f3n<\/p>\n<p>mediante la resurrecci\u00f3n. Habr\u00eda sido muy extra\u00f1o que no la presintiera, pues<\/p>\n<p>los jud\u00edos piadosos cre\u00edan mucho en la resurrecci\u00f3n de los muertos. Deben<\/p>\n<p>tomarse en cuenta tres factores:<\/p>\n<p>Primero, Jes\u00fas, como muchos otros jud\u00edos de su tiempo, cre\u00eda en la<\/p>\n<p>resurrecci\u00f3n de los \u00faltimos d\u00edas (Dn 12:1-3; Enoc 22-27; 92-105; Jub 23:11-31;<\/p>\n<p>4 Mac 7:3; 4 Esdras 7:26-42; 2 Bar 21:23; 30;2-5; Josefo, J.W. 2.8.11 p. 154;<\/p>\n<p>2.8.14 pp. 165-166; Ant. 18.1.3-5 pp. 14, 16 y 18). Jes\u00fas defiende la<\/p>\n<p>resurrecci\u00f3n en su respuesta a los saduceos (Mc 12:18-27). Dice a su anfitri\u00f3n<\/p>\n<p>en una cena: &#8220;Cuando ofrezcas un banquete, llama a pobres, mancos, cojos, y<\/p>\n<p>ciegos, y ser\u00e1s bienaventurado, ya que ellos no tienen para recompensarte; pues<\/p>\n<p>t\u00fa ser\u00e1s recompensado en la resurrecci\u00f3n de los justos&#8221; (Lucas 14:13-14, LBLA).<\/p>\n<p>Adem\u00e1s, como Jes\u00fas cre\u00eda que la hora escatol\u00f3gica estaba al alcance de la mano,<\/p>\n<p>y que se empezaba a sentir el dominio de Dios, probablemente tambi\u00e9n cre\u00eda que<\/p>\n<p>la misma resurrecci\u00f3n generalizada no estaba lejos. La misma idea aparece<\/p>\n<p>atestiguada en los Pergaminos del Mar Muerto, donde el Mes\u00edas y la resurrecci\u00f3n<\/p>\n<p>generalizada est\u00e1n ligados (ver 4Q521). Con estas luces debemos interpretar la<\/p>\n<p>predicci\u00f3n de Jes\u00fas acerca de su propia reivindicaci\u00f3n.<\/p>\n<p>Segundo, la predicci\u00f3n de Jes\u00fas acerca de su resurrecci\u00f3n &#8220;despu\u00e9s de tres<\/p>\n<p>d\u00edas&#8221; o &#8220;en el tercer d\u00eda&#8221; casi con seguridad est\u00e1 basada en Oseas 6:2, como lo<\/p>\n<p>refleja la par\u00e1frasis del texto en arameo. La predicci\u00f3n es producida por un<\/p>\n<p>Jes\u00fas que hablaba arameo e interpret\u00f3 la Biblia, no por la comunidad cristiana<\/p>\n<p>posterior a la Pascua que le\u00eda y correg\u00eda las Escrituras en griego. Mientras<\/p>\n<p>que el texto hebreo dice: &#8220;Nos revivir\u00e1 despu\u00e9s de dos d\u00edas; al tercero nos<\/p>\n<p>levantar\u00e1 para que podamos vivir en su presencia&#8221; (y el texto griego dice algo<\/p>\n<p>similar), el arameo dice: &#8220;Nos dar\u00e1 vida en los d\u00edas de consolaci\u00f3n que<\/p>\n<p>vendr\u00e1n; en el d\u00eda de la resurrecci\u00f3n de los muertos nos levantar\u00e1&#8221;. Jes\u00fas<\/p>\n<p>presupuso la orientaci\u00f3n interpretativa reflejada en el texto arameo<\/p>\n<p>parafraseado. Aludi\u00f3 a este pasaje con la confianza de que ser\u00eda ascendido<\/p>\n<p>&#8220;despu\u00e9s de tres d\u00edas&#8221; (o &#8220;en el tercer d\u00eda&#8221;, es decir, &#8220;el d\u00eda de la<\/p>\n<p>resurrecci\u00f3n de los muertos&#8221;, que dada la cercan\u00eda del Reino de Dios, deb\u00eda<\/p>\n<p>estar al alcance de la mano. Este pasaje de Oseas en realidad no se cita o<\/p>\n<p>parafrasea en los evangelios, lo que nos impide verlo como prueba cristiana. De<\/p>\n<p>hecho, no hay indicios de que los disc\u00edpulos hayan entendido completamente la<\/p>\n<p>alusi\u00f3n y curiosa ex\u00e9gesis de Jes\u00fas, ni de que hayan sido reafirmados de manera<\/p>\n<p>alguna con esta(s) predicci\u00f3n(es). A pesar de las reafirmaciones, su movimiento<\/p>\n<p>perdi\u00f3 impulso.<\/p>\n<p>Tercero, hay una tradici\u00f3n muy fuerte de m\u00e1rtires jud\u00edos piadosos que<\/p>\n<p>esperaban la reivindicaci\u00f3n mediante la resurrecci\u00f3n posterior a su muerte<\/p>\n<p>violenta y cruel. Esto se observa especialmente en 2 Macabeos 7 en las<\/p>\n<p>grotescas historias de la tortura y ejecuci\u00f3n de siete hermanos que se reh\u00fasan<\/p>\n<p>a violar la ley mosaica. Uno de los hermanos responde airadamente a Ant\u00edoco:<\/p>\n<p>&#8220;T\u00fa, criminal, nos privas de la vida presente, pero el Rey del mundo nos<\/p>\n<p>resucitar\u00e1 a una vida eterna a nosotros que morimos por sus leyes&#8221; (v. 9). Otro<\/p>\n<p>hermano advierte al tirano: &#8220;Acepto morir a manos de los hombres, esperando las<\/p>\n<p>promesas hechas por Dios de que \u00c9l nos resucitar\u00e1. Para ti, en cambio, no habr\u00e1<\/p>\n<p>resurrecci\u00f3n a la vida&#8221;. (v. 14) Si estos j\u00f3venes esperaban la resurrecci\u00f3n,<\/p>\n<p>\u00bfpor qu\u00e9 no la iba a esperar Jes\u00fas?<\/p>\n<p>Las pruebas en su conjunto apoyan la conclusi\u00f3n de que Jes\u00fas s\u00ed esperaba su<\/p>\n<p>resurrecci\u00f3n, tal vez como parte de la resurrecci\u00f3n generalizada, y que dicha<\/p>\n<p>resurrecci\u00f3n tendr\u00eda lugar muy pronto despu\u00e9s de su muerte. Para gran sorpresa<\/p>\n<p>de sus disc\u00edpulos, su resurrecci\u00f3n s\u00ed tuvo lugar, y &#8220;en el tercer d\u00eda&#8221;.<\/p>\n<p>1 R. Bultmann, La Historia de la Tradici\u00f3n Sin\u00f3ptica (Oxford: Basil Blackwell,<\/p>\n<p>1972 [original alem\u00e1n, 1921]), p. 152.<\/p>\n<p>2 Apelo aqu\u00ed al &#8220;criterio de la verg\u00fcenza&#8221;, entendido como la improbabilidad<\/p>\n<p>de que la iglesia primitiva inventara material que se convirtiera<\/p>\n<p>posteriormente en fuente de su propia verg\u00fcenza.<\/p>\n<p>3 Ver mi estudio &#8220;\u00bfPredijo Jes\u00fas su Muerte y Resurrecci\u00f3n?&#8221;, en S. E. Porter<\/p>\n<p>M. A. Hayes y D. Tombs (eds.), Resurrecci\u00f3n (JSNTSup 186, RILP 5; Sheffield:<\/p>\n<p>Sheffield Academic Press, 1999) 82-97; cf. N. T. Wright, La Resurrecci\u00f3n del<\/p>\n<p>Hijo de Dios (Minneapolis: Fortress, 2003) 409-11.<\/p>\n<p>4 Ver J. W. Van Henten, Los M\u00e1rtires Macabeos como Salvadores del Pueblo<\/p>\n<p>Jud\u00edo: Un Estudio de 2 y 4 Macabeos (JSJSup 57; Leiden: Brill, 1997). Ver<\/p>\n<p>tambi\u00e9n J. W. Van Henten y F. Avemarie, Martirio y Noble Muerte: Textos<\/p>\n<p>Seleccionados de la Antig\u00fcedad Grecorromana, Jud\u00eda y Cristiana (Londres y Nueva<\/p>\n<p>York: Routledge, 2002).<\/p>\n<p>5 J. D. G. Dunn, Jes\u00fas Recordado (Cristianismo en Construcci\u00f3n 1; Grand<\/p>\n<p>Rapids: Eerdmans, 2003) 818-24<\/p>\n<p><\/p>\n","protected":false},"excerpt":{"rendered":"<p>Por Craig A. Evans A lo largo del siglo XX los cr\u00edticos del evangelio frecuentemente han &hellip;<\/p>\n<p class=\"read-more\"> <a class=\"\" href=\"https:\/\/www.namb.net\/apologetics\/resource\/predijo-jesus-su-muerte-violenta-y-resurreccion\/\"> <span class=\"screen-reader-text\">\u00bfPredijo Jes\u00fas su muerte violenta y resurrecci\u00f3n?<\/span> Read More &raquo;<\/a><\/p>\n","protected":false},"featured_media":0,"template":"","meta":{"_oasis_is_in_workflow":0,"_oasis_original":0,"site-sidebar-layout":"default","site-content-layout":"","ast-site-content-layout":"","site-content-style":"default","site-sidebar-style":"default","ast-global-header-display":"","ast-banner-title-visibility":"","ast-main-header-display":"","ast-hfb-above-header-display":"","ast-hfb-below-header-display":"","ast-hfb-mobile-header-display":"","site-post-title":"","ast-breadcrumbs-content":"","ast-featured-img":"","footer-sml-layout":"","theme-transparent-header-meta":"","adv-header-id-meta":"","stick-header-meta":"","header-above-stick-meta":"","header-main-stick-meta":"","header-below-stick-meta":"","astra-migrate-meta-layouts":"","ast-page-background-enabled":"default","ast-page-background-meta":{"desktop":{"background-color":"","background-image":"","background-repeat":"repeat","background-position":"center center","background-size":"auto","background-attachment":"scroll","background-type":"","background-media":"","overlay-type":"","overlay-color":"","overlay-gradient":""},"tablet":{"background-color":"","background-image":"","background-repeat":"repeat","background-position":"center center","background-size":"auto","background-attachment":"scroll","background-type":"","background-media":"","overlay-type":"","overlay-color":"","overlay-gradient":""},"mobile":{"background-color":"","background-image":"","background-repeat":"repeat","background-position":"center center","background-size":"auto","background-attachment":"scroll","background-type":"","background-media":"","overlay-type":"","overlay-color":"","overlay-gradient":""}},"ast-content-background-meta":{"desktop":{"background-color":"var(--ast-global-color-5)","background-image":"","background-repeat":"repeat","background-position":"center center","background-size":"auto","background-attachment":"scroll","background-type":"","background-media":"","overlay-type":"","overlay-color":"","overlay-gradient":""},"tablet":{"background-color":"var(--ast-global-color-5)","background-image":"","background-repeat":"repeat","background-position":"center center","background-size":"auto","background-attachment":"scroll","background-type":"","background-media":"","overlay-type":"","overlay-color":"","overlay-gradient":""},"mobile":{"background-color":"var(--ast-global-color-5)","background-image":"","background-repeat":"repeat","background-position":"center center","background-size":"auto","background-attachment":"scroll","background-type":"","background-media":"","overlay-type":"","overlay-color":"","overlay-gradient":""}}},"tags":[],"channels":[],"topics":[22,36],"languages":[],"class_list":["post-1899","resource","type-resource","status-publish","hentry","resource_type-article","topics-apologetics-spanish","topics-jesus-apologetics-spanish"],"acf":[],"yoast_head":"<!-- This site is optimized with the Yoast SEO Premium plugin v24.0 (Yoast SEO v24.0) - https:\/\/yoast.com\/wordpress\/plugins\/seo\/ -->\n<title>\u00bfPredijo Jes\u00fas su muerte violenta y resurrecci\u00f3n? - Apologetics<\/title>\n<meta name=\"robots\" content=\"index, follow, max-snippet:-1, max-image-preview:large, max-video-preview:-1\" \/>\n<link rel=\"canonical\" href=\"https:\/\/www.namb.net\/apologetics\/resource\/predijo-jesus-su-muerte-violenta-y-resurreccion\/\" \/>\n<meta property=\"og:locale\" content=\"en_US\" \/>\n<meta property=\"og:type\" content=\"article\" \/>\n<meta property=\"og:title\" content=\"\u00bfPredijo Jes\u00fas su muerte violenta y resurrecci\u00f3n?\" \/>\n<meta property=\"og:description\" content=\"Por Craig A. Evans A lo largo del siglo XX los cr\u00edticos del evangelio frecuentemente han &hellip; \u00bfPredijo Jes\u00fas su muerte violenta y resurrecci\u00f3n? Read More &raquo;\" \/>\n<meta property=\"og:url\" content=\"https:\/\/www.namb.net\/apologetics\/resource\/predijo-jesus-su-muerte-violenta-y-resurreccion\/\" \/>\n<meta property=\"og:site_name\" content=\"Apologetics\" \/>\n<meta property=\"article:modified_time\" content=\"2020-06-22T01:34:14+00:00\" \/>\n<meta name=\"twitter:card\" content=\"summary_large_image\" \/>\n<meta name=\"twitter:label1\" content=\"Est. reading time\" \/>\n\t<meta name=\"twitter:data1\" content=\"9 minutes\" \/>\n<script type=\"application\/ld+json\" class=\"yoast-schema-graph\">{\"@context\":\"https:\/\/schema.org\",\"@graph\":[{\"@type\":\"WebPage\",\"@id\":\"https:\/\/www.namb.net\/apologetics\/resource\/predijo-jesus-su-muerte-violenta-y-resurreccion\/\",\"url\":\"https:\/\/www.namb.net\/apologetics\/resource\/predijo-jesus-su-muerte-violenta-y-resurreccion\/\",\"name\":\"\u00bfPredijo Jes\u00fas su muerte violenta y resurrecci\u00f3n? - Apologetics\",\"isPartOf\":{\"@id\":\"https:\/\/www.namb.net\/apologetics\/#website\"},\"datePublished\":\"2006-08-10T04:00:00+00:00\",\"dateModified\":\"2020-06-22T01:34:14+00:00\",\"breadcrumb\":{\"@id\":\"https:\/\/www.namb.net\/apologetics\/resource\/predijo-jesus-su-muerte-violenta-y-resurreccion\/#breadcrumb\"},\"inLanguage\":\"en-US\",\"potentialAction\":[{\"@type\":\"ReadAction\",\"target\":[\"https:\/\/www.namb.net\/apologetics\/resource\/predijo-jesus-su-muerte-violenta-y-resurreccion\/\"]}]},{\"@type\":\"BreadcrumbList\",\"@id\":\"https:\/\/www.namb.net\/apologetics\/resource\/predijo-jesus-su-muerte-violenta-y-resurreccion\/#breadcrumb\",\"itemListElement\":[{\"@type\":\"ListItem\",\"position\":1,\"name\":\"Home\",\"item\":\"https:\/\/www.namb.net\/apologetics\/\"},{\"@type\":\"ListItem\",\"position\":2,\"name\":\"\u00bfPredijo Jes\u00fas su muerte violenta y resurrecci\u00f3n?\"}]},{\"@type\":\"WebSite\",\"@id\":\"https:\/\/www.namb.net\/apologetics\/#website\",\"url\":\"https:\/\/www.namb.net\/apologetics\/\",\"name\":\"Apologetics\",\"description\":\"Just another NAMB Sites site\",\"potentialAction\":[{\"@type\":\"SearchAction\",\"target\":{\"@type\":\"EntryPoint\",\"urlTemplate\":\"https:\/\/www.namb.net\/apologetics\/?s={search_term_string}\"},\"query-input\":{\"@type\":\"PropertyValueSpecification\",\"valueRequired\":true,\"valueName\":\"search_term_string\"}}],\"inLanguage\":\"en-US\"}]}<\/script>\n<!-- \/ Yoast SEO Premium plugin. -->","yoast_head_json":{"title":"\u00bfPredijo Jes\u00fas su muerte violenta y resurrecci\u00f3n? - Apologetics","robots":{"index":"index","follow":"follow","max-snippet":"max-snippet:-1","max-image-preview":"max-image-preview:large","max-video-preview":"max-video-preview:-1"},"canonical":"https:\/\/www.namb.net\/apologetics\/resource\/predijo-jesus-su-muerte-violenta-y-resurreccion\/","og_locale":"en_US","og_type":"article","og_title":"\u00bfPredijo Jes\u00fas su muerte violenta y resurrecci\u00f3n?","og_description":"Por Craig A. Evans A lo largo del siglo XX los cr\u00edticos del evangelio frecuentemente han &hellip; \u00bfPredijo Jes\u00fas su muerte violenta y resurrecci\u00f3n? Read More &raquo;","og_url":"https:\/\/www.namb.net\/apologetics\/resource\/predijo-jesus-su-muerte-violenta-y-resurreccion\/","og_site_name":"Apologetics","article_modified_time":"2020-06-22T01:34:14+00:00","twitter_card":"summary_large_image","twitter_misc":{"Est. reading time":"9 minutes"},"schema":{"@context":"https:\/\/schema.org","@graph":[{"@type":"WebPage","@id":"https:\/\/www.namb.net\/apologetics\/resource\/predijo-jesus-su-muerte-violenta-y-resurreccion\/","url":"https:\/\/www.namb.net\/apologetics\/resource\/predijo-jesus-su-muerte-violenta-y-resurreccion\/","name":"\u00bfPredijo Jes\u00fas su muerte violenta y resurrecci\u00f3n? - Apologetics","isPartOf":{"@id":"https:\/\/www.namb.net\/apologetics\/#website"},"datePublished":"2006-08-10T04:00:00+00:00","dateModified":"2020-06-22T01:34:14+00:00","breadcrumb":{"@id":"https:\/\/www.namb.net\/apologetics\/resource\/predijo-jesus-su-muerte-violenta-y-resurreccion\/#breadcrumb"},"inLanguage":"en-US","potentialAction":[{"@type":"ReadAction","target":["https:\/\/www.namb.net\/apologetics\/resource\/predijo-jesus-su-muerte-violenta-y-resurreccion\/"]}]},{"@type":"BreadcrumbList","@id":"https:\/\/www.namb.net\/apologetics\/resource\/predijo-jesus-su-muerte-violenta-y-resurreccion\/#breadcrumb","itemListElement":[{"@type":"ListItem","position":1,"name":"Home","item":"https:\/\/www.namb.net\/apologetics\/"},{"@type":"ListItem","position":2,"name":"\u00bfPredijo Jes\u00fas su muerte violenta y resurrecci\u00f3n?"}]},{"@type":"WebSite","@id":"https:\/\/www.namb.net\/apologetics\/#website","url":"https:\/\/www.namb.net\/apologetics\/","name":"Apologetics","description":"Just another NAMB Sites site","potentialAction":[{"@type":"SearchAction","target":{"@type":"EntryPoint","urlTemplate":"https:\/\/www.namb.net\/apologetics\/?s={search_term_string}"},"query-input":{"@type":"PropertyValueSpecification","valueRequired":true,"valueName":"search_term_string"}}],"inLanguage":"en-US"}]}},"_links":{"self":[{"href":"https:\/\/www.namb.net\/apologetics\/wp-json\/wp\/v2\/resource\/1899"}],"collection":[{"href":"https:\/\/www.namb.net\/apologetics\/wp-json\/wp\/v2\/resource"}],"about":[{"href":"https:\/\/www.namb.net\/apologetics\/wp-json\/wp\/v2\/types\/resource"}],"wp:attachment":[{"href":"https:\/\/www.namb.net\/apologetics\/wp-json\/wp\/v2\/media?parent=1899"}],"wp:term":[{"taxonomy":"post_tag","embeddable":true,"href":"https:\/\/www.namb.net\/apologetics\/wp-json\/wp\/v2\/tags?post=1899"},{"taxonomy":"channels","embeddable":true,"href":"https:\/\/www.namb.net\/apologetics\/wp-json\/wp\/v2\/channels?post=1899"},{"taxonomy":"topics","embeddable":true,"href":"https:\/\/www.namb.net\/apologetics\/wp-json\/wp\/v2\/topics?post=1899"},{"taxonomy":"languages","embeddable":true,"href":"https:\/\/www.namb.net\/apologetics\/wp-json\/wp\/v2\/languages?post=1899"}],"curies":[{"name":"wp","href":"https:\/\/api.w.org\/{rel}","templated":true}]}}